{"id":9,"date":"2014-02-19T20:10:32","date_gmt":"2014-02-19T20:10:32","guid":{"rendered":"http:\/\/imageportrait.de\/?page_id=9"},"modified":"2014-03-10T11:09:49","modified_gmt":"2014-03-10T11:09:49","slug":"ueber-uns","status":"publish","type":"page","link":"http:\/\/imageTV.de\/?page_id=9","title":{"rendered":"\u00dcber uns"},"content":{"rendered":"<p>Seit \u00fcber 15 Jahren konzipiert und produziert imageTV.de \u00a0Imagefilme, Eventdokumentationen und Produktpr\u00e4sentationen.<\/p>\n<p>imageTV.de arbeitet\u00a0 projektbezogen mit einem engmaschigen Netzwerk bew\u00e4hrter Grafiker, Journalisten, \u00dcbersetzer und Internetspezialisten. Dies erm\u00f6glicht beste Kosteneffizienz und optimale Ergebnisse.<\/p>\n<p>Klare Kompetenzen sichern eine nahtlose Abstimmung in allen Phasen. So ist Stephan H\u00fcbenthal Ihr Ansprechpartner vom ersten Rohentwurf eines Projekts \u00fcber die Kalkulation und Produktion bis zur finalen Endabnahme.<\/p>\n","protected":false},"excerpt":{"rendered":"<p>Seit \u00fcber 15 Jahren konzipiert und produziert imageTV.de \u00a0Imagefilme, Eventdokumentationen und Produktpr\u00e4sentationen. imageTV.de arbeitet\u00a0 projektbezogen mit einem engmaschigen Netzwerk bew\u00e4hrter Grafiker, Journalisten, \u00dcbersetzer und Internetspezialisten. Dies erm\u00f6glicht beste Kosteneffizienz und optimale Ergebnisse. Klare Kompetenzen sichern eine nahtlose Abstimmung in allen Phasen. So ist Stephan H\u00fcbenthal Ihr Ansprechpartner vom ersten Rohentwurf eines Projekts \u00fcber die Kalkulation &hellip; <a href=\"http:\/\/imageTV.de\/?page_id=9\" class=\"more-link\"><span class=\"screen-reader-text\">\u00dcber uns<\/span> weiterlesen <span class=\"meta-nav\">&rarr;<\/span><\/a><\/p>\n","protected":false},"author":1,"featured_media":0,"parent":0,"menu_order":8,"comment_status":"closed","ping_status":"closed","template":"","meta":[],"_links":{"self":[{"href":"http:\/\/imageTV.de\/index.php?rest_route=\/wp\/v2\/pages\/9"}],"collection":[{"href":"http:\/\/imageTV.de\/index.php?rest_route=\/wp\/v2\/pages"}],"about":[{"href":"http:\/\/imageTV.de\/index.php?rest_route=\/wp\/v2\/types\/page"}],"author":[{"embeddable":true,"href":"http:\/\/imageTV.de\/index.php?rest_route=\/wp\/v2\/users\/1"}],"replies":[{"embeddable":true,"href":"http:\/\/imageTV.de\/index.php?rest_route=%2Fwp%2Fv2%2Fcomments&post=9"}],"version-history":[{"count":5,"href":"http:\/\/imageTV.de\/index.php?rest_route=\/wp\/v2\/pages\/9\/revisions"}],"predecessor-version":[{"id":153,"href":"http:\/\/imageTV.de\/index.php?rest_route=\/wp\/v2\/pages\/9\/revisions\/153"}],"wp:attachment":[{"href":"http:\/\/imageTV.de\/index.php?rest_route=%2Fwp%2Fv2%2Fmedia&parent=9"}],"curies":[{"name":"wp","href":"https:\/\/api.w.org\/{rel}","templated":true}]}}